{"id":3468,"date":"2022-10-30T10:22:20","date_gmt":"2022-10-30T12:22:20","guid":{"rendered":"http:\/\/ltim.lt\/?page_id=3468"},"modified":"2022-10-30T10:22:21","modified_gmt":"2022-10-30T12:22:21","slug":"muchlia-alesandras-lietuvos-kariuomenes-majoras","status":"publish","type":"page","link":"https:\/\/ltim.lt\/en\/galerija\/zymus-zmones\/muchlia-alesandras-lietuvos-kariuomenes-majoras\/","title":{"rendered":"MUCHLIA ALESANDRAS Lietuvos kariuomen\u0117s majoras"},"content":{"rendered":"\n<p>Gim\u0117 1891 m. lapkri\u010dio 15 d. Keturiasde\u0161imt Totori\u0173 kaime. Kil\u0119s i\u0161 Vilniaus gubernijos Trak\u0173 apskrities bajor\u0173.<\/p>\n<p>Tarnavo jaunesniuoju karininku 70-ajame Ria\u017esko p\u0117stinink\u0173 pulke, dalyvavo Pirmajame pasauliniame kare. Ggeu\u017e\u0117s-lapkri\u010dio m\u0117nesiais jo pulkas buvo dislokuotas tarp Medilo ir Naru\u010dio e\u017eer\u0173. Apdovanotas sidabro medaliu \u201eU\u017e stropum\u0105\u201c (1917 m.).<\/p>\n<p>1930 m. vasario 16 d. pakeltas \u012f majorus.<\/p>\n<p>1941-1944 m. dirbo Vilniaus savivaldyb\u0117je. 1944 m. su \u0161eima pasitrauk\u012f \u012f Vokietij\u0105. 1949 m. su \u017emona Jelen\u0105 ir s\u016bnumi Vladu emigravo \u012f JAV, gyveno Los And\u017eele, dirbo ligonin\u0117je.<\/p>\n<p>Mir\u0117 1962 m. rugs\u0117jo 16 d. Palaidotas Forest Lawn Memorial Park kapin\u0117se Glendeile, Los And\u017eelo priemiestyje.<\/p>\n<p>Apdovanotas Lietuvos did\u017eiojo kunigaik\u0161\u010dio Gedimino 4-ojo laipsnio ordinu (1932) ir Lietuvos Nepriklausomyb\u0117s 10-me\u010dio medaliu (1928).<\/p>\n","protected":false},"excerpt":{"rendered":"<p>Gim\u0117 1891 m. lapkri\u010dio 15 d. Keturiasde\u0161imt Totori\u0173 kaime. Kil\u0119s i\u0161 Vilniaus gubernijos Trak\u0173 apskrities bajor\u0173. Tarnavo jaunesniuoju karininku 70-ajame Ria\u017esko p\u0117stinink\u0173 pulke, dalyvavo Pirmajame pasauliniame kare. Ggeu\u017e\u0117s-lapkri\u010dio m\u0117nesiais jo pulkas buvo dislokuotas tarp Medilo ir Naru\u010dio e\u017eer\u0173. Apdovanotas sidabro medaliu \u201eU\u017e stropum\u0105\u201c (1917 m.). 1930 m. vasario 16 d. pakeltas \u012f majorus. 1941-1944 m. [&hellip;]<\/p>\n","protected":false},"author":1,"featured_media":0,"parent":137,"menu_order":0,"comment_status":"closed","ping_status":"closed","template":"page-gallery-inside.php","meta":[],"_links":{"self":[{"href":"https:\/\/ltim.lt\/en\/wp-json\/wp\/v2\/pages\/3468"}],"collection":[{"href":"https:\/\/ltim.lt\/en\/wp-json\/wp\/v2\/pages"}],"about":[{"href":"https:\/\/ltim.lt\/en\/wp-json\/wp\/v2\/types\/page"}],"author":[{"embeddable":true,"href":"https:\/\/ltim.lt\/en\/wp-json\/wp\/v2\/users\/1"}],"replies":[{"embeddable":true,"href":"https:\/\/ltim.lt\/en\/wp-json\/wp\/v2\/comments?post=3468"}],"version-history":[{"count":1,"href":"https:\/\/ltim.lt\/en\/wp-json\/wp\/v2\/pages\/3468\/revisions"}],"predecessor-version":[{"id":3469,"href":"https:\/\/ltim.lt\/en\/wp-json\/wp\/v2\/pages\/3468\/revisions\/3469"}],"up":[{"embeddable":true,"href":"https:\/\/ltim.lt\/en\/wp-json\/wp\/v2\/pages\/137"}],"wp:attachment":[{"href":"https:\/\/ltim.lt\/en\/wp-json\/wp\/v2\/media?parent=3468"}],"curies":[{"name":"wp","href":"https:\/\/api.w.org\/{rel}","templated":true}]}}