{"id":3302,"date":"2022-10-14T19:04:55","date_gmt":"2022-10-14T21:04:55","guid":{"rendered":"http:\/\/ltim.lt\/?page_id=3302"},"modified":"2022-11-12T15:22:13","modified_gmt":"2022-11-12T17:22:13","slug":"juzefovicius-jokubas-generolas-leitenantas","status":"publish","type":"page","link":"https:\/\/ltim.lt\/en\/galerija\/zymus-zmones\/juzefovicius-jokubas-generolas-leitenantas\/","title":{"rendered":"JUZEFOVI\u010cIUS JOK\u016aBAS, generolas leitenantas"},"content":{"rendered":"\n<p><img loading=\"lazy\" class=\"aligncenter size-medium\" src=\"https:\/\/pirmynpopasauli.files.wordpress.com\/2022\/11\/5.png\" width=\"199\" height=\"263\" \/><\/p>\n<p>Jak\u016bbas Juzefovi\u010dius gim\u0117 1872 m. kovo 12 dien\u0105 Gardino gubernijoje, kilming\u0173 bajor\u0173 \u0161eimoje. Jis baig\u0117 Polocko kadet\u0173 korpus\u0105 ir, nusprend\u0119s gyvenim\u0105 susieti su armija, 1890 m. \u012fstojo \u012f Michailo artilerijos mokykl\u0105. J\u0105 pabaig\u0119s, gavo paporu\u010dikio laipsn\u012f ir 1893 m. i\u0161vyko \u012f 7-\u0105j\u0105 raitosios artilerijos baterij\u0105.<\/p>\n<p>Dvejus metus J. Juzefovi\u010dius dirbo ra\u0161tved\u017eiu bei baterijos \u016bkved\u017eiu. 1895 m. spalio m\u0117nes\u012f jis tapo 7\u2013osios ir 8\u2013osios rait\u0173j\u0173 baterij\u0173 mokymo dalies ved\u0117ju. 1896 m. liepos m\u0117nes\u012f jam suteiktas poru\u010diko laipsnis.<\/p>\n<p>1896 m. spalio m\u0117nes\u012f J. Juzefovi\u010dius s\u0117kmingai i\u0161laik\u0117 egzaminus ir \u012fstojo \u012f Generalinio \u0161tabo Nikolajaus akademij\u0105, kuri\u0105 1898 m. spalio m\u0117nes\u012f baig\u0117 pirmuoju atskyriu. U\u017e pasi\u017eym\u0117jim\u0105 moksle jam suteiktas \u0161tabs-kapitono laipsnis, jis paskiriamas \u012f Generalin\u012f \u0161tab\u0105 bei siun\u010diamas \u012f Var\u0161uvos karin\u0119 apygard\u0105. I\u0161bandymo laikotarpiu jam vadovavo jungtin\u0117s kavalerijos divizijos vir\u0161ininkas.<\/p>\n<p>1900 m. gegu\u017e\u0117s 22 d. J. Juzefovi\u010dius perkeliamas \u012f Generalin\u012f \u0161tab\u0105 ir paskiriamas 4-osios kavalerijos divizijos vyresniuoju adjutantu. Lapkri\u010dio m\u0117nes\u012f Var\u0161uvos karin\u0117s apygardos \u0161tabe jis tapo vyresniuoju karininku ypatingiems pavedimams, 1901 m. kov\u0105 \u2013 \u0161tabo vyresniojo adjutanto pad\u0117j\u0117ju. Baland\u017eio 1 dien\u0105 jam suteiktas kapitono laipsnis. Baland\u017eio pabaigoje jis laikinai \u0117jo Var\u0161uvos karinio \u017eurnalo redaktoriaus pavaduotojo pareigas. Buvo apygardos \u0161tabo vyresnysis adjutantas. 1901 m. spalio 28 d. \u2013 1902 m. lapkri\u010dio 17 d. J. Juzefovi\u010dius metus sta\u017eavosi 2-ajame Charkovo drag\u016bn\u0173 pulke, buvo eskadrono vadas.<\/p>\n<p>Prasid\u0117jus rus\u0173\u2013japon\u0173 karui, J. Juzefovi\u010dius tapo Atsiskaitymo skyriaus vyresniuoju adjutantu, Var\u0161uvos karinio \u017eurnalo redaktoriumi bei apygardos vyresniuoju adjutantu. 1904 m. lapkri\u010dio 19 d. jis laikinai paskirtas ypating\u0173 pavedim\u0173 vyresniuoju karininku prie 3-osios Mand\u017ei\u016brijos armijos generolo kvartirmeisterio valdybos. I\u0161vykdamas \u012f kar\u0105 jis gavo pirm\u0105j\u012f apdovanojim\u0105 \u2013 3-ojo laipsnio \u0161ventojo Stanislavo ordin\u0105, jam suteiktas papulkininkio laipsnis.<\/p>\n<p>1905 m. vasario m\u0117nes\u012f J. Juzefovi\u010dius dalyvavo m\u016b\u0161iuose su japonais prie Mukdeno. U\u017e pasi\u017eym\u0117jim\u0105 buvo apdovanotas \u0161ventosios Anos 3-ojo laipsnio ordinu su kardais ir kaspinu, o v\u0117liau \u2013 2-ojo laipsnio \u0161ventojo Stanislavo ordinu su kardais. Jis kilo tarnybos laiptais, tapo 3-osios Mand\u017ei\u016brijos armijos generolo kvartirmeisterio valdybos vyresniuoju adjutantu. Gruod\u017eio m\u0117nes\u012f jis gavo dar vien\u0105 apdovanojim\u0105 \u2013 4-ojo laipsnio \u0161ventojo Vladimiro ordin\u0105 su kaspinu ir kardais.<\/p>\n<p>1905 m. gruod\u017eio pabaigoje J. Juzefovi\u010dius paskirtas Var\u0161uvos karin\u0117s apygardos \u0161tabo vyresniuoju karininku pavedimams ir u\u017e dalyvavim\u0105 karin\u0117je kampanijoje apdovanotas 2-ojo laipsnio \u0161ventosios Anos ordinu su kardais. \u0160iose pareigose jis tarnavo iki 1910 m. lapkri\u010dio m\u0117nesio. Du kartus J. Juzefovi\u010dius dalyvavo Pranc\u016bzijos kariuomen\u0117s manevruose (1907 m. ir 1908 m. rugpj\u016bt\u012f). Be to, gav\u0119s apygardos kariuomen\u0117s vado \u012fsakym\u0105, 1908 m. liepos 28 d. 2000 metr\u0173 auk\u0161tyje oro paj\u0117g\u0173 kuopos oro balionu skrido vir\u0161 Var\u0161uvos \u012ftvirtinim\u0173. 1908 m. gruod\u017eio m\u0117nes\u012f jam buvo suteiktas pulkininko laipsnis.<\/p>\n<p>1910 m. gruod\u017eio 24 dien\u0105 J. Juzefovi\u010dius pervestas \u012f Generalin\u012f \u0161tab\u0105 ir tapo Vyriausiosios valdybos skyriaus vir\u0161ininku. \u0160iose pareigose tarnavo iki 1913 m. 1911 m. pulkininkas J. Juzefovi\u010dius buvo apdovanotas 3-ojo laipsnio \u0161ventojo Vladimiro ordinu.<\/p>\n<p>1913 m. pavasar\u012f J. Juzefovi\u010dius tapo Generalinio \u0161tabo Vyriausiosios valdybos Kariuomen\u0117s \u012fkurdinimo ir tarnybos skyriaus vir\u0161ininko pavaduotoju, po met\u0173 laikinai pavadavo vir\u0161inink\u0105. 1914 m. liepos 25 d. jis skiriamas vykdyti generolo pareigas, jam patikima vadovauti kanceliarijai ir pavedimams prie Vyriausiojo kariuomen\u0117s vado. Po m\u0117nesio jis paskiriamas Kaukazo vietin\u0117s raiteli\u0173 divizijos, vadinamos \u201elaukine\u201c, \u0161tabo vir\u0161ininku. Be to, J. Juzefovi\u010diaus tur\u0117jo slapt\u0105 pavedim\u0105 \u2013 saugoti divizijos vad\u0105 did\u012fj\u012f kunigaik\u0161t\u012f Michail\u0105, atitolinti j\u012f nuo karo veiksm\u0173.<\/p>\n<p>I pasaulinio karo fronte, kaip ir rus\u0173\u2013japon\u0173 kare, J. Juzefovi\u010dius pasi\u017eym\u0117jo narsa, didvyri\u0161kumu bei karo reikal\u0173 i\u0161manymu ir tai liudija nauji apdovanojimai: kardai prie 3-ojo laipsnio \u0161ventojo Vladimiro ordino, \u0161viesiai bronzinis medalis u\u017e 1914 m. nepriekai\u0161ting\u0105 visuotin\u0119 mobilizacij\u0105, Georgijaus ginklas, 4-ojo laipsnio \u0161ventojo Georgijaus ordinas. 1915 m. rugs\u0117jo 15 d. J. Juzefovi\u010diui buvo suteiktas generolo majoro laipsnis.<\/p>\n<p>1916 m. vasario m\u0117nes\u012f jis tapo 2-ojo kavalerijos korpuso, kuriam vadovavo didysis kunigaik\u0161tis Michailas, \u0161tabo vir\u0161ininku. Bir\u017eelio m\u0117nes\u012f gavo 1-ojo laipsnio \u0161ventojo Stanislavo, o met\u0173 pabaigoje \u2013 1-ojo laipsnio \u0161ventosios Anos ordinus.<\/p>\n<p>1917 m. baland\u017eio 6 d. generolas J. Juzefovi\u010dius skiriamas \u012f Vyriausiojo karo vado \u0161tab\u0105 laikinai, o baland\u017eio m\u0117nes\u012f nuolatin\u0117ms generolo kvartirmeisterio pareigoms. J. Juzefovi\u010dius pritar\u0117 naujo puolimo id\u0117jai Pietvakari\u0173 fronte. Jis ver\u017e\u0117si \u012f front\u0105, nes kanceliarinis darbas jo netenkino. Bir\u017eelio 5 dien\u0105 jis tapo 12-osios kavalerijos divizijos, liepos m\u0117nes\u012f \u2013 26-ojo korpuso laikinuoju vadu. Rugs\u0117jo 7 dien\u0105 J. Juzefovi\u010dius u\u017e nars\u0105 ir didvyri\u0161kum\u0105 gavo generolo leitenanto laipsn\u012f ir tapo 26-ojo korpuso, o v\u0117liau \u201312-osios armijos vadu. Armijoje buvo \u012ftempta pad\u0117tis. Kariai buvo nusiteik\u0119 taikai, nor\u0117jo pasitraukti \u012f u\u017enugar\u012f, lauk\u0117 greitos karo baigties.<\/p>\n<p>Nusivylusioje kariuomen\u0117je prad\u0117jo reik\u0161tis tautini\u0173 ambicij\u0173 aprai\u0161kos. Laikinosios vyriausyb\u0117s vadovas A. Kerenskis reikalavo atskirus 12-osios armijos dalinius si\u0173sti \u012f Gat\u010din\u0105. J. Juzefovi\u010dius, bandydamas sustabdyti katastrof\u0105, u\u017edraud\u0117 patik\u0117tos jam kariuomen\u0117s kariams vykti \u012f sostin\u0119.<\/p>\n<p>1917 m. pabaigoje J. Juzefovi\u010dius per\u0117jo baltojo jud\u0117jimo pus\u0117n. 1918 m. vasar\u0105 jis \u012fstojo \u012f Savanori\u0161k\u0105j\u0105 Denikino armij\u0105. Jis tapo Kaukazo armijos, vadovaujamos generolo Vrangelio, \u0161tabo vir\u0161ininku.<\/p>\n<p>Balt\u0173j\u0173 pralaim\u0117jimas privert\u0117 aktyvius jo dalyvius, taip pat J. Juzefovi\u010di\u0173, pasitraukti \u012f u\u017esien\u012f.<\/p>\n<p>Vrangelio siun\u010diamas drauge su Struve jis patenka \u012f Pary\u017ei\u0173. Pranc\u016bzams jie tur\u0117jo \u012fteikti bol\u0161evik\u0173 sunaikinimo Rusijoje plan\u0105. I\u0161 Pranc\u016bzijos J. Juzefovi\u010dius persik\u0117l\u0117 \u012f Vokietij\u0105, paskui \u2013 \u012f Estij\u0105. Gyveno savo dvare Tartu, kur ir mir\u0117. Dokumentai skirtingai pateikia jo mirties datas \u20131929, 1930, 1935 m.<\/p>\n<p>Generolas J. Juzefovi\u010dius buvo apdovanotas ir u\u017esienio ordinais: Pranc\u016bzijos Garb\u0117s Legiono ordinu, Komandoro kry\u017eiaus Kambod\u017eos ordinu bei Komandoro kry\u017eiaus Juodosios \u017evaig\u017ed\u0117s ordinu, Ispanijos ordinu \u201eU\u017e karinius nuopelnus\u201c. Jis buvo ved\u0119s valstyb\u0117s patar\u0117jo na\u0161l\u0119 Ver\u0105 Stankevi\u010d. Tur\u0117jo dukr\u0105. \u017dmona ir dukra i\u0161pa\u017eino sta\u010diatiki\u0173 tik\u0117jim\u0105.<\/p>\n","protected":false},"excerpt":{"rendered":"<p>Jak\u016bbas Juzefovi\u010dius gim\u0117 1872 m. kovo 12 dien\u0105 Gardino gubernijoje, kilming\u0173 bajor\u0173 \u0161eimoje. Jis baig\u0117 Polocko kadet\u0173 korpus\u0105 ir, nusprend\u0119s gyvenim\u0105 susieti su armija, 1890 m. \u012fstojo \u012f Michailo artilerijos mokykl\u0105. J\u0105 pabaig\u0119s, gavo paporu\u010dikio laipsn\u012f ir 1893 m. i\u0161vyko \u012f 7-\u0105j\u0105 raitosios artilerijos baterij\u0105. Dvejus metus J. Juzefovi\u010dius dirbo ra\u0161tved\u017eiu bei baterijos \u016bkved\u017eiu. 1895 [&hellip;]<\/p>\n","protected":false},"author":1,"featured_media":0,"parent":137,"menu_order":0,"comment_status":"closed","ping_status":"closed","template":"page-text.php","meta":[],"_links":{"self":[{"href":"https:\/\/ltim.lt\/en\/wp-json\/wp\/v2\/pages\/3302"}],"collection":[{"href":"https:\/\/ltim.lt\/en\/wp-json\/wp\/v2\/pages"}],"about":[{"href":"https:\/\/ltim.lt\/en\/wp-json\/wp\/v2\/types\/page"}],"author":[{"embeddable":true,"href":"https:\/\/ltim.lt\/en\/wp-json\/wp\/v2\/users\/1"}],"replies":[{"embeddable":true,"href":"https:\/\/ltim.lt\/en\/wp-json\/wp\/v2\/comments?post=3302"}],"version-history":[{"count":2,"href":"https:\/\/ltim.lt\/en\/wp-json\/wp\/v2\/pages\/3302\/revisions"}],"predecessor-version":[{"id":3484,"href":"https:\/\/ltim.lt\/en\/wp-json\/wp\/v2\/pages\/3302\/revisions\/3484"}],"up":[{"embeddable":true,"href":"https:\/\/ltim.lt\/en\/wp-json\/wp\/v2\/pages\/137"}],"wp:attachment":[{"href":"https:\/\/ltim.lt\/en\/wp-json\/wp\/v2\/media?parent=3302"}],"curies":[{"name":"wp","href":"https:\/\/api.w.org\/{rel}","templated":true}]}}