{"id":2787,"date":"2022-10-03T18:33:23","date_gmt":"2022-10-03T20:33:23","guid":{"rendered":"http:\/\/ltim.lt\/?page_id=2787"},"modified":"2022-10-03T18:34:09","modified_gmt":"2022-10-03T20:34:09","slug":"lietuvos-respublikos-seimo-pirmininkes-sveikinimas-vytauto-didziojo-ir-zalgirio-musio-600-uju-metiniu-paminklo-atidengimo-iskilmese-raiziuose","status":"publish","type":"page","link":"https:\/\/ltim.lt\/en\/galerija\/vietoves\/alytus\/lietuvos-respublikos-seimo-pirmininkes-sveikinimas-vytauto-didziojo-ir-zalgirio-musio-600-uju-metiniu-paminklo-atidengimo-iskilmese-raiziuose\/","title":{"rendered":"Lietuvos Respublikos Seimo Pirminink\u0117s sveikinimas Vytauto Did\u017eiojo ir  \u017dalgirio m\u016b\u0161io 600-\u0173j\u0173 metini\u0173 paminklo atidengimo i\u0161kilm\u0117se Rai\u017eiuose"},"content":{"rendered":"\n<p>Mielieji Rai\u017ei\u0173 gyventojai ir sve\u010diai,<\/p>\n<p>Gerbiamieji i\u0161kilmi\u0173 dalyviai,<\/p>\n<p>Apgailestauju, kad negaliu asmeni\u0161kai b\u016bti kartu su Jumis, ir perduodu nuo\u0161ird\u017eius sveikinimus J\u016bs\u0173 gra\u017eiam ir prasmingam renginiui, visiems jo sukviestiems \u017emon\u0117ms.\u00a0<\/p>\n<p>Sveikinu su gra\u017eiu \u012fvykiu, atspindin\u010diu m\u016bs\u0173 istorij\u0105, raginan\u010diu dar kart\u0105 \u012fsiskaityti \u012f svarbiausius jos puslapius, dar kart\u0105 atrasti i\u0161kiliausias jos datas, ry\u0161kiausias asmenybes. Vytautas Didysis visais laikais buvo ir visais laikais bus i\u0161skirtinis m\u016bs\u0173 istorijos \u017emogus, kurio likimas taip tragi\u0161kai <br \/>ir kartu taip didingai sutapo su tautos ir valstyb\u0117s likimu. Pagarba tokioms asmenyb\u0117ms \u2013 tai pagarba savo t\u0117v\u0173 ir prot\u0117vi\u0173 praei\u010diai, savo tautai, savo dvasin\u0117ms \u0161aknims. D\u0117koju visiems, kurie \u0161i\u0105 pagarb\u0105 suvokia kaip savo pareigos, savo dvasin\u0117s pilnatv\u0117s dal\u012f.<\/p>\n<p>Mintyse d\u017eiaugiuosi kartu su Jumis, kad Vytauto Did\u017eiojo vardas ir atminimas v\u0117l sukviet\u0117 pab\u016bti kartu per am\u017eius artimas lietuvi\u0173 ir totori\u0173 tautas, dar kar\u0105 primin\u0117 m\u016bs\u0173 bendr\u0105 istorij\u0105. Tai \u2013 gra\u017eus \u017eenklas i\u0161 praeities, bet kartu \u2013 viltinga \u017einia m\u016bs\u0173 dabar\u010diai ir atei\u010diai: Lietuvos istorij\u0105 kuriame kartu. Gra\u017eu ir simboli\u0161ka, kad \u0161iandieninis koncertas pavadintas b\u016btent taip.<\/p>\n<p>Dar kart\u0105 sveikinu Rai\u017ei\u0173 bendruomen\u0119 ir visus jos sve\u010dius ir linkiu kuo geriausios s\u0117km\u0117s visiems, saugantiems savo tautos praeities \u017eenklus, savo did\u017ei\u0173 \u017emoni\u0173 atminim\u0105.<\/p>\n<p>Lietuvos Respublikos Seimo Pirminink\u0117 Irena Degutien\u0117<br \/>Vilnius, 2010 met\u0173 bir\u017eelio 24 diena<\/p>\n","protected":false},"excerpt":{"rendered":"<p>Mielieji Rai\u017ei\u0173 gyventojai ir sve\u010diai, Gerbiamieji i\u0161kilmi\u0173 dalyviai, Apgailestauju, kad negaliu asmeni\u0161kai b\u016bti kartu su Jumis, ir perduodu nuo\u0161ird\u017eius sveikinimus J\u016bs\u0173 gra\u017eiam ir prasmingam renginiui, visiems jo sukviestiems \u017emon\u0117ms.\u00a0 Sveikinu su gra\u017eiu \u012fvykiu, atspindin\u010diu m\u016bs\u0173 istorij\u0105, raginan\u010diu dar kart\u0105 \u012fsiskaityti \u012f svarbiausius jos puslapius, dar kart\u0105 atrasti i\u0161kiliausias jos datas, ry\u0161kiausias asmenybes. Vytautas Didysis visais [&hellip;]<\/p>\n","protected":false},"author":1,"featured_media":2772,"parent":153,"menu_order":0,"comment_status":"closed","ping_status":"closed","template":"page-gallery-inside.php","meta":[],"_links":{"self":[{"href":"https:\/\/ltim.lt\/en\/wp-json\/wp\/v2\/pages\/2787"}],"collection":[{"href":"https:\/\/ltim.lt\/en\/wp-json\/wp\/v2\/pages"}],"about":[{"href":"https:\/\/ltim.lt\/en\/wp-json\/wp\/v2\/types\/page"}],"author":[{"embeddable":true,"href":"https:\/\/ltim.lt\/en\/wp-json\/wp\/v2\/users\/1"}],"replies":[{"embeddable":true,"href":"https:\/\/ltim.lt\/en\/wp-json\/wp\/v2\/comments?post=2787"}],"version-history":[{"count":4,"href":"https:\/\/ltim.lt\/en\/wp-json\/wp\/v2\/pages\/2787\/revisions"}],"predecessor-version":[{"id":2791,"href":"https:\/\/ltim.lt\/en\/wp-json\/wp\/v2\/pages\/2787\/revisions\/2791"}],"up":[{"embeddable":true,"href":"https:\/\/ltim.lt\/en\/wp-json\/wp\/v2\/pages\/153"}],"wp:featuredmedia":[{"embeddable":true,"href":"https:\/\/ltim.lt\/en\/wp-json\/wp\/v2\/media\/2772"}],"wp:attachment":[{"href":"https:\/\/ltim.lt\/en\/wp-json\/wp\/v2\/media?parent=2787"}],"curies":[{"name":"wp","href":"https:\/\/api.w.org\/{rel}","templated":true}]}}