{"id":2784,"date":"2022-10-03T18:30:12","date_gmt":"2022-10-03T20:30:12","guid":{"rendered":"http:\/\/ltim.lt\/?page_id=2784"},"modified":"2022-10-03T18:30:13","modified_gmt":"2022-10-03T20:30:13","slug":"lietuvos-respublikos-prezidentes-sveikinimas-lietuvos-totoriu-bendruomenei-paminklo-vytautui-didziajam-atidengimo-proga","status":"publish","type":"page","link":"https:\/\/ltim.lt\/en\/galerija\/vietoves\/alytus\/lietuvos-respublikos-prezidentes-sveikinimas-lietuvos-totoriu-bendruomenei-paminklo-vytautui-didziajam-atidengimo-proga\/","title":{"rendered":"Lietuvos Respublikos Prezident\u0117s sveikinimas Lietuvos totori\u0173 bendruomenei paminklo Vytautui Did\u017eiajam atidengimo proga"},"content":{"rendered":"\n<p>Brang\u016bs i\u0161kilmi\u0173 dalyviai,<\/p>\n<p>LDK kunigaik\u0161\u010diui Vytautui Did\u017eiajam ir \u017dalgirio m\u016b\u0161io 600-osioms metin\u0117ms skirto paminklo atidengimas Rai\u017eiuose pagerbia ne tik \u0161\u012f i\u0161kil\u0173 karved\u012f bei tokio svarbaus Lietuvos istorijai m\u016b\u0161io atminim\u0105, bet ir liudija Lietuvos totori\u0173 bendruomen\u0117s ind\u0117l\u012f \u012f Lietuvos valstybingum\u0105, nepriklausomyb\u0117s kovas bei kult\u016bros turtinim\u0105.<\/p>\n<p>Lietuvos Did\u017eiojo kunigaik\u0161\u010dio Vytauto iniciatyva daugiau nei prie\u0161 600 met\u0173 \u012f Lietuv\u0105 buvo pakviesti ir joje \u012fsik\u016br\u0117 i\u0161kil\u016bs totori\u0173 tautos s\u016bn\u016bs ir dukros, kurie jau pirmaisiais savo gyvenimo ir i\u0161tikimos tarnyst\u0117s Lietuvai metais tapo nepaperkamais valdovo asmens sargybiniais ir narsiai kov\u0117si jo kariuomen\u0117s gretose per \u017dalgirio m\u016b\u0161\u012f. Visus \u0161iuos \u0161imtme\u010dius gyvendami Lietuvoje, totoriai buvo i\u0161tikimi \u0161alies patriotai, praturtino Lietuvos gyvenim\u0105 ir kult\u016br\u0105 savitais bruo\u017eais, kuriuos b\u016btina saugoti, puosel\u0117ti, tausoti.\u00a0<\/p>\n<p>Rei\u0161kiu Jums nuo\u0161ird\u017ei\u0105 pad\u0117k\u0105 ir pagarb\u0105, link\u0117dama ir toliau taip pat s\u0117kmingai puosel\u0117ti sav\u0105j\u0105 kult\u016br\u0105 ir prisid\u0117ti prie visos Lietuvos klest\u0117jimo.<\/p>\n<p><br \/>Lietuvos Respublikos Prezident\u0117 Dalia Grybauskait\u0117<br \/>2010 m. bir\u017eelio 26 d<\/p>\n","protected":false},"excerpt":{"rendered":"<p>Brang\u016bs i\u0161kilmi\u0173 dalyviai, LDK kunigaik\u0161\u010diui Vytautui Did\u017eiajam ir \u017dalgirio m\u016b\u0161io 600-osioms metin\u0117ms skirto paminklo atidengimas Rai\u017eiuose pagerbia ne tik \u0161\u012f i\u0161kil\u0173 karved\u012f bei tokio svarbaus Lietuvos istorijai m\u016b\u0161io atminim\u0105, bet ir liudija Lietuvos totori\u0173 bendruomen\u0117s ind\u0117l\u012f \u012f Lietuvos valstybingum\u0105, nepriklausomyb\u0117s kovas bei kult\u016bros turtinim\u0105. Lietuvos Did\u017eiojo kunigaik\u0161\u010dio Vytauto iniciatyva daugiau nei prie\u0161 600 met\u0173 \u012f [&hellip;]<\/p>\n","protected":false},"author":1,"featured_media":2773,"parent":153,"menu_order":0,"comment_status":"closed","ping_status":"closed","template":"page-gallery-inside.php","meta":[],"_links":{"self":[{"href":"https:\/\/ltim.lt\/en\/wp-json\/wp\/v2\/pages\/2784"}],"collection":[{"href":"https:\/\/ltim.lt\/en\/wp-json\/wp\/v2\/pages"}],"about":[{"href":"https:\/\/ltim.lt\/en\/wp-json\/wp\/v2\/types\/page"}],"author":[{"embeddable":true,"href":"https:\/\/ltim.lt\/en\/wp-json\/wp\/v2\/users\/1"}],"replies":[{"embeddable":true,"href":"https:\/\/ltim.lt\/en\/wp-json\/wp\/v2\/comments?post=2784"}],"version-history":[{"count":2,"href":"https:\/\/ltim.lt\/en\/wp-json\/wp\/v2\/pages\/2784\/revisions"}],"predecessor-version":[{"id":2786,"href":"https:\/\/ltim.lt\/en\/wp-json\/wp\/v2\/pages\/2784\/revisions\/2786"}],"up":[{"embeddable":true,"href":"https:\/\/ltim.lt\/en\/wp-json\/wp\/v2\/pages\/153"}],"wp:featuredmedia":[{"embeddable":true,"href":"https:\/\/ltim.lt\/en\/wp-json\/wp\/v2\/media\/2773"}],"wp:attachment":[{"href":"https:\/\/ltim.lt\/en\/wp-json\/wp\/v2\/media?parent=2784"}],"curies":[{"name":"wp","href":"https:\/\/api.w.org\/{rel}","templated":true}]}}