{"id":2774,"date":"2022-10-03T18:23:01","date_gmt":"2022-10-03T20:23:01","guid":{"rendered":"http:\/\/ltim.lt\/?page_id=2774"},"modified":"2022-10-03T18:23:29","modified_gmt":"2022-10-03T20:23:29","slug":"paminklas-vytautui-didziajam-ir-600-osioms-zalgirio-musio-metinems","status":"publish","type":"page","link":"https:\/\/ltim.lt\/en\/galerija\/vietoves\/alytus\/paminklas-vytautui-didziajam-ir-600-osioms-zalgirio-musio-metinems\/","title":{"rendered":"Paminklas Vytautui Did\u017eiajam ir 600-osioms \u017dalgirio m\u016b\u0161io metin\u0117ms"},"content":{"rendered":"\n<p>2010 m. bir\u017eelio 26 d. vienoje seniausi\u0173 Lietuvos totori\u0173 gyvenvie\u010di\u0173 Rai\u017eiuose, Alytaus rajone, buvo atidengtas paminklas kunigaik\u0161\u010diui Vytautui Did\u017eiajam ir 600-osioms \u017dalgirio m\u016b\u0161io metin\u0117ms atminti.<\/p>\n<p>Sprendim\u0105 statyti paminkl\u0105 dar 2007 metais pri\u0117m\u0117 Lietuvos totori\u0173 bendruomeni\u0173 s\u0105junga, nutarusi \u012fam\u017einti Vytauto \u2013 i\u0161kilaus valdovo, Lietuvos totori\u0173 glob\u0117jo \u2013 atminim\u0105. Tuo tikslu buvo \u012fsteigtas ir \u012fregistruotas Vytauto Did\u017eiojo paminklo pastatymo fondas (fondo iniciatorius ir fundatorius Motiejus Jakubauskas), kuris paskelb\u0117 kreipim\u0105si \u012f Lietuvos totori\u0173 bendruomen\u0117s narius ir Lietuvos gyventojus, kviesdamas aukoti b\u016bsimam paminklui.\u00a0<\/p>\n<p>Lietuvos totoriai did\u017eiuojasi tuo, kad istoriniame \u017dalgirio m\u016b\u0161yje kartu su Lietuvos ir Lenkijos kariuomen\u0117mis dalyvavo totori\u0173 raiteliai, vadovaujami Aukso Ordos chano Tochtamy\u0161o s\u016bnaus carai\u010dio D\u017eelal-ed-Dino. Tad paminklas Vytautui Did\u017eiajam \u012fprasmina bendr\u0105 lietuvi\u0173 ir totori\u0173 istorij\u0105, kovas u\u017e Lietuvos valstyb\u0117s nepriklausomyb\u0119. Paminklo k\u016br\u0117jas skulptorius Vytautas Jag\u0117la paminkl\u0105 suk\u016br\u0117 be atlygio, savo darb\u0105 skirdamas T\u0117vyn\u0117s garbei.<\/p>\n<p>Tokiai garbingai progai skirtas paminklas ir vizualiai \u012fsp\u016bdingas. Paminklas i\u0161kyla kaip kolona. Jo vir\u0161utin\u0117je dalyje \u012fkomponuoti Gedimino stulpai ir totori\u0173 simbolis \u2013 Tarak Tamga.<\/p>\n<hr \/>\n<p><em>\u0160altinis: laikra\u0161tis \u201eLietuvos totoriai\u201c 131-132 numeris<\/em><\/p>\n","protected":false},"excerpt":{"rendered":"<p>2010 m. bir\u017eelio 26 d. vienoje seniausi\u0173 Lietuvos totori\u0173 gyvenvie\u010di\u0173 Rai\u017eiuose, Alytaus rajone, buvo atidengtas paminklas kunigaik\u0161\u010diui Vytautui Did\u017eiajam ir 600-osioms \u017dalgirio m\u016b\u0161io metin\u0117ms atminti. Sprendim\u0105 statyti paminkl\u0105 dar 2007 metais pri\u0117m\u0117 Lietuvos totori\u0173 bendruomeni\u0173 s\u0105junga, nutarusi \u012fam\u017einti Vytauto \u2013 i\u0161kilaus valdovo, Lietuvos totori\u0173 glob\u0117jo \u2013 atminim\u0105. Tuo tikslu buvo \u012fsteigtas ir \u012fregistruotas Vytauto Did\u017eiojo [&hellip;]<\/p>\n","protected":false},"author":1,"featured_media":2769,"parent":153,"menu_order":0,"comment_status":"closed","ping_status":"closed","template":"page-gallery-inside.php","meta":[],"_links":{"self":[{"href":"https:\/\/ltim.lt\/en\/wp-json\/wp\/v2\/pages\/2774"}],"collection":[{"href":"https:\/\/ltim.lt\/en\/wp-json\/wp\/v2\/pages"}],"about":[{"href":"https:\/\/ltim.lt\/en\/wp-json\/wp\/v2\/types\/page"}],"author":[{"embeddable":true,"href":"https:\/\/ltim.lt\/en\/wp-json\/wp\/v2\/users\/1"}],"replies":[{"embeddable":true,"href":"https:\/\/ltim.lt\/en\/wp-json\/wp\/v2\/comments?post=2774"}],"version-history":[{"count":3,"href":"https:\/\/ltim.lt\/en\/wp-json\/wp\/v2\/pages\/2774\/revisions"}],"predecessor-version":[{"id":2778,"href":"https:\/\/ltim.lt\/en\/wp-json\/wp\/v2\/pages\/2774\/revisions\/2778"}],"up":[{"embeddable":true,"href":"https:\/\/ltim.lt\/en\/wp-json\/wp\/v2\/pages\/153"}],"wp:featuredmedia":[{"embeddable":true,"href":"https:\/\/ltim.lt\/en\/wp-json\/wp\/v2\/media\/2769"}],"wp:attachment":[{"href":"https:\/\/ltim.lt\/en\/wp-json\/wp\/v2\/media?parent=2774"}],"curies":[{"name":"wp","href":"https:\/\/api.w.org\/{rel}","templated":true}]}}