{"id":1172,"date":"2021-11-02T17:59:16","date_gmt":"2021-11-02T19:59:16","guid":{"rendered":"http:\/\/ltim.lt\/?page_id=1172"},"modified":"2021-12-15T22:55:43","modified_gmt":"2021-12-16T00:55:43","slug":"raiziu-mecetes-atidarymo-po-restauracijos-ir-bendruomenes-namo-ikurtuviu-mitingas-1993-m","status":"publish","type":"page","link":"https:\/\/ltim.lt\/en\/galerija\/vietoves\/alytus\/raiziu-mecetes-atidarymo-po-restauracijos-ir-bendruomenes-namo-ikurtuviu-mitingas-1993-m\/","title":{"rendered":"Rai\u017ei\u0173 me\u010det\u0117s atidarymo po restauracijos ir bendruomen\u0117s namo \u012fkurtuvi\u0173 mitingas 1993 m."},"content":{"rendered":"\n<p>1988 metai \u2013 tai tautinio atgimimo metai. Jau pirmo susirinkimo metu\u00a0tautie\u010diai nutar\u0117 prad\u0117ti Rai\u017ei\u0173 me\u010d\u0117t\u0117s remont\u0105. Paruo\u0161tas bendruomen\u0117s\u00a0namo projektas. Prad\u0117ti remonto ir statyb\u0173 darbai. Tautie\u010diai, aukodami savo pinigus ir laisvalaik\u012f, aktyviai dalyvavo statybos ir remonto darbuose. Pastatyti musulmon\u0173 bendruomen\u0117s namai, atnaujinta me\u010det\u0117. 1993 m. spalio\u00a08 d. \u012fvyko suremontuotos Rai\u017ei\u0173 me\u010det\u0117s atidarymo ir bendruomen\u0117s namo\u00a0\u012fkurtuv\u0117s. \u0160vent\u0117je dalyvavo ne tik tautie\u010diai, bet ir sve\u010diai i\u0161 kit\u0173 \u0161ali\u0173 \u2013 Lenkijos, Baltarusijos, netgi Saudo Arabijos\u00a0ambasados darbuotojai i\u0161 Maskvos.<\/p>\n","protected":false},"excerpt":{"rendered":"<p>1988 metai \u2013 tai tautinio atgimimo metai. Jau pirmo susirinkimo metu\u00a0tautie\u010diai nutar\u0117 prad\u0117ti Rai\u017ei\u0173 me\u010d\u0117t\u0117s remont\u0105. Paruo\u0161tas bendruomen\u0117s\u00a0namo projektas. Prad\u0117ti remonto ir statyb\u0173 darbai. Tautie\u010diai, aukodami savo pinigus ir laisvalaik\u012f, aktyviai dalyvavo statybos ir remonto darbuose. Pastatyti musulmon\u0173 bendruomen\u0117s namai, atnaujinta me\u010det\u0117. 1993 m. spalio\u00a08 d. \u012fvyko suremontuotos Rai\u017ei\u0173 me\u010det\u0117s atidarymo ir bendruomen\u0117s namo\u00a0\u012fkurtuv\u0117s. \u0160vent\u0117je [&hellip;]<\/p>\n","protected":false},"author":1,"featured_media":1166,"parent":153,"menu_order":0,"comment_status":"closed","ping_status":"closed","template":"page-gallery-inside.php","meta":[],"_links":{"self":[{"href":"https:\/\/ltim.lt\/en\/wp-json\/wp\/v2\/pages\/1172"}],"collection":[{"href":"https:\/\/ltim.lt\/en\/wp-json\/wp\/v2\/pages"}],"about":[{"href":"https:\/\/ltim.lt\/en\/wp-json\/wp\/v2\/types\/page"}],"author":[{"embeddable":true,"href":"https:\/\/ltim.lt\/en\/wp-json\/wp\/v2\/users\/1"}],"replies":[{"embeddable":true,"href":"https:\/\/ltim.lt\/en\/wp-json\/wp\/v2\/comments?post=1172"}],"version-history":[{"count":4,"href":"https:\/\/ltim.lt\/en\/wp-json\/wp\/v2\/pages\/1172\/revisions"}],"predecessor-version":[{"id":1568,"href":"https:\/\/ltim.lt\/en\/wp-json\/wp\/v2\/pages\/1172\/revisions\/1568"}],"up":[{"embeddable":true,"href":"https:\/\/ltim.lt\/en\/wp-json\/wp\/v2\/pages\/153"}],"wp:featuredmedia":[{"embeddable":true,"href":"https:\/\/ltim.lt\/en\/wp-json\/wp\/v2\/media\/1166"}],"wp:attachment":[{"href":"https:\/\/ltim.lt\/en\/wp-json\/wp\/v2\/media?parent=1172"}],"curies":[{"name":"wp","href":"https:\/\/api.w.org\/{rel}","templated":true}]}}