{"id":1151,"date":"2021-11-02T17:41:33","date_gmt":"2021-11-02T19:41:33","guid":{"rendered":"http:\/\/ltim.lt\/?page_id=1151"},"modified":"2021-11-02T17:41:34","modified_gmt":"2021-11-02T19:41:34","slug":"raiziu-mecetes-imamas-adomas-chaleckas-1944-1965-m","status":"publish","type":"page","link":"https:\/\/ltim.lt\/en\/galerija\/vietoves\/alytus\/raiziu-mecetes-imamas-adomas-chaleckas-1944-1965-m\/","title":{"rendered":"Rai\u017ei\u0173 me\u010det\u0117s imamas Adomas Chaleckas (1944\u20131965 m.)"},"content":{"rendered":"\n<p>Gim\u0117 1881 m. baland\u017eio 29 d. Rai\u017eiuose, pasiturin\u010dio bajoro, \u016bkininko Dovydo Chalecko \u0161eimoje. T\u0117vai buvo apsi\u0161viet\u0119 \u017emon\u0117s, tod\u0117l ir vaikai buvo lavinami. Adomas Chaleckas mok\u0117si Bir\u0161tone, v\u0117liau arab\u0173 ra\u0161to ir Korano \u017eini\u0173 s\u0117m\u0117si i\u0161 vietos mokytoj\u0173 &#8211; hod\u017e\u0173. 1899 m. a\u0161tuoniolikametis jaunuolis tavo meudzinu &#8211; imamo pad\u0117j\u0117ju. Jis tur\u0117jo pakankamai \u017eini\u0173 apie islam\u0105 ir skleb\u0117 j\u012f savo tautie\u010diams.<\/p>\n<p>1930 m., minint kunigaik\u0161\u010dio Vytauto Did\u017eiojo 500-\u0105sias mirties metines, buvo pakviestas pas Lietuvos Respublikos Prezident\u0105 A. Smeton\u0105.<\/p>\n<p>1944 m., mirus imamui A. Chaleckui vyresniajam, bendruomen\u0117s paskirtas imamu, kuriuo darbavosi iki mirties 1965 m. bir\u017eelio 1 d. Vis\u0105 gyvenim\u0105 vert\u0117si \u017eem\u0117s \u016bkiu.<\/p>\n<p>A. Chaleckas peln\u0117 ne tik tautie\u010di\u0173, bet ir lietuvi\u0173 pagarb\u0105.<\/p>\n","protected":false},"excerpt":{"rendered":"<p>Gim\u0117 1881 m. baland\u017eio 29 d. Rai\u017eiuose, pasiturin\u010dio bajoro, \u016bkininko Dovydo Chalecko \u0161eimoje. T\u0117vai buvo apsi\u0161viet\u0119 \u017emon\u0117s, tod\u0117l ir vaikai buvo lavinami. Adomas Chaleckas mok\u0117si Bir\u0161tone, v\u0117liau arab\u0173 ra\u0161to ir Korano \u017eini\u0173 s\u0117m\u0117si i\u0161 vietos mokytoj\u0173 &#8211; hod\u017e\u0173. 1899 m. a\u0161tuoniolikametis jaunuolis tavo meudzinu &#8211; imamo pad\u0117j\u0117ju. Jis tur\u0117jo pakankamai \u017eini\u0173 apie islam\u0105 ir skleb\u0117 [&hellip;]<\/p>\n","protected":false},"author":1,"featured_media":1154,"parent":153,"menu_order":0,"comment_status":"closed","ping_status":"closed","template":"page-gallery-inside.php","meta":[],"_links":{"self":[{"href":"https:\/\/ltim.lt\/en\/wp-json\/wp\/v2\/pages\/1151"}],"collection":[{"href":"https:\/\/ltim.lt\/en\/wp-json\/wp\/v2\/pages"}],"about":[{"href":"https:\/\/ltim.lt\/en\/wp-json\/wp\/v2\/types\/page"}],"author":[{"embeddable":true,"href":"https:\/\/ltim.lt\/en\/wp-json\/wp\/v2\/users\/1"}],"replies":[{"embeddable":true,"href":"https:\/\/ltim.lt\/en\/wp-json\/wp\/v2\/comments?post=1151"}],"version-history":[{"count":2,"href":"https:\/\/ltim.lt\/en\/wp-json\/wp\/v2\/pages\/1151\/revisions"}],"predecessor-version":[{"id":1157,"href":"https:\/\/ltim.lt\/en\/wp-json\/wp\/v2\/pages\/1151\/revisions\/1157"}],"up":[{"embeddable":true,"href":"https:\/\/ltim.lt\/en\/wp-json\/wp\/v2\/pages\/153"}],"wp:featuredmedia":[{"embeddable":true,"href":"https:\/\/ltim.lt\/en\/wp-json\/wp\/v2\/media\/1154"}],"wp:attachment":[{"href":"https:\/\/ltim.lt\/en\/wp-json\/wp\/v2\/media?parent=1151"}],"curies":[{"name":"wp","href":"https:\/\/api.w.org\/{rel}","templated":true}]}}